{"version":"1.0","provider_name":"Centre Excursionista Taradell","provider_url":"https:\/\/cetaradell.cat\/ce","title":"Pepe Freixas, 2n al Campionat d\u2019Ultrallarga Dist\u00e0ncia - Centre Excursionista Taradell","type":"rich","width":600,"height":338,"html":"<blockquote class=\"wp-embedded-content\" data-secret=\"LmzDiQvPqq\"><a href=\"https:\/\/cetaradell.cat\/ce\/pepe-freixas-2n-al-campionat-dultrallarga-distancia\/\">Pepe Freixas, 2n al Campionat d\u2019Ultrallarga Dist\u00e0ncia<\/a><\/blockquote><iframe sandbox=\"allow-scripts\" security=\"restricted\" src=\"https:\/\/cetaradell.cat\/ce\/pepe-freixas-2n-al-campionat-dultrallarga-distancia\/embed\/#?secret=LmzDiQvPqq\" width=\"600\" height=\"338\" title=\"&#8220;Pepe Freixas, 2n al Campionat d\u2019Ultrallarga Dist\u00e0ncia&#8221; &#8212; Centre Excursionista Taradell\" data-secret=\"LmzDiQvPqq\" frameborder=\"0\" marginwidth=\"0\" marginheight=\"0\" scrolling=\"no\" class=\"wp-embedded-content\"><\/iframe><script type=\"text\/javascript\">\n\/* <![CDATA[ *\/\n\/*! This file is auto-generated *\/\n!function(d,l){\"use strict\";l.querySelector&&d.addEventListener&&\"undefined\"!=typeof URL&&(d.wp=d.wp||{},d.wp.receiveEmbedMessage||(d.wp.receiveEmbedMessage=function(e){var t=e.data;if((t||t.secret||t.message||t.value)&&!\/[^a-zA-Z0-9]\/.test(t.secret)){for(var s,r,n,a=l.querySelectorAll('iframe[data-secret=\"'+t.secret+'\"]'),o=l.querySelectorAll('blockquote[data-secret=\"'+t.secret+'\"]'),c=new RegExp(\"^https?:$\",\"i\"),i=0;i<o.length;i++)o[i].style.display=\"none\";for(i=0;i<a.length;i++)s=a[i],e.source===s.contentWindow&&(s.removeAttribute(\"style\"),\"height\"===t.message?(1e3<(r=parseInt(t.value,10))?r=1e3:~~r<200&&(r=200),s.height=r):\"link\"===t.message&&(r=new URL(s.getAttribute(\"src\")),n=new URL(t.value),c.test(n.protocol))&&n.host===r.host&&l.activeElement===s&&(d.top.location.href=t.value))}},d.addEventListener(\"message\",d.wp.receiveEmbedMessage,!1),l.addEventListener(\"DOMContentLoaded\",function(){for(var e,t,s=l.querySelectorAll(\"iframe.wp-embedded-content\"),r=0;r<s.length;r++)(t=(e=s[r]).getAttribute(\"data-secret\"))||(t=Math.random().toString(36).substring(2,12),e.src+=\"#?secret=\"+t,e.setAttribute(\"data-secret\",t)),e.contentWindow.postMessage({message:\"ready\",secret:t},\"*\")},!1)))}(window,document);\n\/\/# sourceURL=https:\/\/cetaradell.cat\/ce\/wp-includes\/js\/wp-embed.min.js\n\/* ]]> *\/\n<\/script>\n","thumbnail_url":"https:\/\/cetaradell.cat\/ce\/wp-content\/uploads\/2017-11-01-Ultrallarga-Taravil-9.jpg","thumbnail_width":2048,"thumbnail_height":1370,"description":"El dimecres 1 de novembre a Taravil (Capolat) es va celebrar el Campionat de Catalunya d\u2019Ultrallarga Dist\u00e0ncia 2017 de curses d\u2019orientaci\u00f3. La cursa va aplegar gaireb\u00e9 400 corredors, que van poder gaudir del boscos del bergued\u00e0\u00a0 amb un terreny i tra\u00e7ats molt exigents t\u00e8cnicament en totes les categories. Josep Maria [...]"}