{"id":9894,"date":"2025-09-29T11:34:43","date_gmt":"2025-09-29T10:34:43","guid":{"rendered":"https:\/\/cetaradell.cat\/ce\/?page_id=9894"},"modified":"2025-11-06T16:19:08","modified_gmt":"2025-11-06T15:19:08","slug":"seccions","status":"publish","type":"page","link":"https:\/\/cetaradell.cat\/ce\/seccions\/","title":{"rendered":"Seccions"},"content":{"rendered":"<p><div class=\"fusion-fullwidth fullwidth-box fusion-builder-row-1 fusion-flex-container has-pattern-background has-mask-background nonhundred-percent-fullwidth non-hundred-percent-height-scrolling\" style=\"--awb-border-radius-top-left:0px;--awb-border-radius-top-right:0px;--awb-border-radius-bottom-right:0px;--awb-border-radius-bottom-left:0px;--awb-flex-wrap:wrap;\" ><div class=\"fusion-builder-row fusion-row fusion-flex-align-items-flex-start fusion-flex-justify-content-center fusion-flex-content-wrap\" style=\"max-width:1248px;margin-left: calc(-4% \/ 2 );margin-right: calc(-4% \/ 2 );\"><div class=\"fusion-layout-column fusion_builder_column fusion-builder-column-0 fusion_builder_column_2_3 2_3 fusion-flex-column\" style=\"--awb-bg-size:cover;--awb-width-large:66.666666666667%;--awb-margin-top-large:0px;--awb-spacing-right-large:2.88%;--awb-margin-bottom-large:20px;--awb-spacing-left-large:2.88%;--awb-width-medium:100%;--awb-order-medium:0;--awb-spacing-right-medium:1.92%;--awb-spacing-left-medium:1.92%;--awb-width-small:100%;--awb-order-small:0;--awb-spacing-right-small:1.92%;--awb-spacing-left-small:1.92%;\"><div class=\"fusion-column-wrapper fusion-column-has-shadow fusion-flex-justify-content-flex-start fusion-content-layout-column\"><div class=\"accordian fusion-accordian\" style=\"--awb-padding-top:20px;--awb-padding-bottom:20px;--awb-border-size:1px;--awb-icon-size:40px;--awb-content-font-size:16px;--awb-icon-alignment:right;--awb-hover-color:#f9f9f9;--awb-border-color:#cccccc;--awb-background-color:#ffffff;--awb-divider-color:var(--awb-color6);--awb-divider-hover-color:#e0dede;--awb-icon-color:#e8811c;--awb-title-color:#e8811c;--awb-content-color:var(--awb-color7);--awb-icon-box-color:#333333;--awb-toggle-hover-accent-color:#e98223;--awb-toggle-active-accent-color:#e8811c;--awb-title-font-family:&quot;Arvo&quot;;--awb-title-font-weight:700;--awb-title-font-style:normal;--awb-title-font-size:30px;--awb-content-font-family:&quot;Arvo&quot;;--awb-content-font-style:normal;--awb-content-font-weight:400;\"><div class=\"panel-group fusion-toggle-icon-right fusion-toggle-icon-unboxed\" id=\"accordion-9894-1\"><div class=\"fusion-panel panel-default panel-edcd1fdc7389adc24 fusion-toggle-has-divider\" style=\"--awb-title-color:#333333;--awb-content-color:#424242;\"><div class=\"panel-heading\"><h2 class=\"panel-title toggle\" id=\"toggle_edcd1fdc7389adc24\"><a aria-expanded=\"false\" aria-controls=\"edcd1fdc7389adc24\" role=\"button\" data-toggle=\"collapse\" data-parent=\"#accordion-9894-1\" data-target=\"#edcd1fdc7389adc24\" href=\"#edcd1fdc7389adc24\"><span class=\"fusion-toggle-icon-wrapper\" aria-hidden=\"true\"><i class=\"fa-fusion-box active-icon awb-icon-minus\" aria-hidden=\"true\"><\/i><i class=\"fa-fusion-box inactive-icon awb-icon-plus\" aria-hidden=\"true\"><\/i><\/span><span class=\"fusion-toggle-heading\">Senders<\/span><\/a><\/h2><\/div><div id=\"edcd1fdc7389adc24\" class=\"panel-collapse collapse \" aria-labelledby=\"toggle_edcd1fdc7389adc24\"><div class=\"panel-body toggle-content fusion-clearfix\">\n<p>El Centre Excursionista de Taradell organitza mensualment sortides de senderisme que combinen l\u2019experi\u00e8ncia de rec\u00f3rrer senders emblem\u00e0tics amb el descobriment de paisatges i llocs d\u2019inter\u00e8s cultural. Les sortides s\u00f3n aptes per a tots els nivells i estan obertes a persones federades amb llic\u00e8ncia FEEC.<\/p>\n<h4 class=\"fusion-responsive-typography-calculated\" style=\"--fontsize: 19; line-height: 1.1; --minfontsize: 19;\" data-fontsize=\"19\" data-lineheight=\"20.9px\">GR11 &#8211; Travessant els Pirineus<\/h4>\n<p>El GR11 \u00e9s un sender de gran recorregut que travessa els Pirineus pel vessant sud, des del Cant\u00e0bric fins al Mediterrani. \u00c9s una ruta amb les dificultats pr\u00f2pies de l\u2019alta muntanya, per\u00f2 que ofereix paisatges espectaculars i una experi\u00e8ncia \u00fanica per als amants de l&#8217;excursionisme.<\/p>\n<h4 class=\"fusion-responsive-typography-calculated\" style=\"--fontsize: 19; line-height: 1.1; --minfontsize: 19;\" data-fontsize=\"19\" data-lineheight=\"20.9px\">100 Cims &#8211; Coneix el territori<\/h4>\n<p>El repte dels 100 cims es va iniciar el 2006 amb l\u2019objectiu de donar a con\u00e8ixer llocs destacats del nostre pa\u00eds mitjan\u00e7ant l&#8217;excursionisme. No s\u00f3n necess\u00e0riament els cims m\u00e9s alts, per\u00f2 s\u00ed els m\u00e9s emblem\u00e0tics de les comarques catalanes, amb un alt valor paisatg\u00edstic i hist\u00f2ric.<\/p>\n<h4 class=\"fusion-responsive-typography-calculated\" style=\"--fontsize: 19; line-height: 1.1; --minfontsize: 19;\" data-fontsize=\"19\" data-lineheight=\"20.9px\"><b>Sortides de Senders<\/b><\/h4>\n<p>Cada mes, el CET organitza una sortida per explorar un dels senders del projecte GR11 o 100 Cims. Aquestes excursions poden incloure visites guiades a llocs d\u2019inter\u00e8s cultural per enriquir l&#8217;experi\u00e8ncia.<\/p>\n<p><b>Bases de les sortides<\/b><\/p>\n<ul>\n<li aria-level=\"1\"><b>Federaci\u00f3:<\/b> Les sortides estan obertes a persones amb la llic\u00e8ncia FEEC de l&#8217;any en curs. No s\u2019admeten participants sense llic\u00e8ncia.<\/li>\n<li aria-level=\"1\"><b>Inscripcions:<\/b> Les places s\u00f3n limitades i es cobreixen per ordre d&#8217;inscripci\u00f3. El pagament s&#8217;ha de fer en el moment de la reserva.<\/li>\n<li aria-level=\"1\"><b>Condicions meteorol\u00f2giques:<\/b> El mal temps no \u00e9s motiu de cancel\u00b7laci\u00f3, es buscaran rutes alternatives.<\/li>\n<li aria-level=\"1\"><b>Preu:<\/b> a consultar segons sortida. Inclou organitzaci\u00f3 i guiatge.<\/li>\n<li aria-level=\"1\"><b>Normes de seguretat:<\/b> Cal portar equipament adequat i estar en bona forma f\u00edsica per a les etapes d\u2019alta muntanya.<\/li>\n<li aria-level=\"1\"><b>Mascotes:<\/b> No es permet portar gossos.<\/li>\n<\/ul>\n<h4 class=\"fusion-responsive-typography-calculated\" style=\"--fontsize: 19; line-height: 1.1; --minfontsize: 19;\" data-fontsize=\"19\" data-lineheight=\"20.9px\">Senders del 1714- Camins amb hist\u00f2ria<\/h4>\n<p>En el marc de la commemoraci\u00f3 del Tricentenari de la Guerra de Successi\u00f3, la Federaci\u00f3 d\u2019Entitats Excursionistes de Catalunya (FEEC) va crear la ruta dels Senders del 1714, un recorregut pels deu escenaris m\u00e9s emblem\u00e0tics de la guerra a Catalunya. El projecte inclou llocs amb alt valor patrimonial i paisatg\u00edstic que combinen la pr\u00e0ctica de l\u2019excursionisme amb el coneixement de la nostra hist\u00f2ria.<\/p>\n<p><b>Punts destacats de la ruta:<\/b><\/p>\n<ul>\n<li aria-level=\"1\"><b>Can Barraquer (Sant Boi de Llobregat):<\/b> Casa on va viure Rafael Casanova.<\/li>\n<li aria-level=\"1\"><b>El Born (Barcelona):<\/b> Restes dels barris enderrocats per construir la fortalesa de la Ciutadella.<\/li>\n<li aria-level=\"1\"><b>Castell de Talamanca:<\/b> \u00daltima vict\u00f2ria catalana abans de la capitulaci\u00f3.<\/li>\n<li aria-level=\"1\"><b>Ermita de Sant Sebasti\u00e0 (Vic):<\/b> Escenari del Pacte dels Vigatans.<\/li>\n<li aria-level=\"1\"><b>Castell de Cardona:<\/b> \u00daltim fort\u00ed austracista a capitular.<\/li>\n<\/ul>\n<h4 class=\"fusion-responsive-typography-calculated\" style=\"--fontsize: 19; line-height: 1.1; --minfontsize: 19;\" data-fontsize=\"19\" data-lineheight=\"20.9px\">GR i PR que integren la ruta<\/h4>\n<ul>\n<li aria-level=\"1\">GR 3, GR 42, GR 5, GR 6, GR 7, GR 151, GR 171, GR 175 i GR 210<\/li>\n<li aria-level=\"1\">PR-C 31 i PR-C 40<\/li>\n<\/ul>\n<p><a href=\"https:\/\/www.feec.cat\/informacio-de-muntanya\/senders\/senders-del-1714\/\" target=\"_blank\" rel=\"noopener\"><b>informaci\u00f3 FEEC Senders 1714<\/b><\/a><\/p>\n<p><b><\/b><a href=\"http:\/\/www.feec.cat\/noticia\/la-samarreta-senders-del-1714-de-la-feec-per-celebrar-el-tricentenari\/\" target=\"_blank\" rel=\"noopener\"><b>Samarreta Senders 1714<\/b><b><br \/>\n<\/b><\/a><\/p>\n<\/div><\/div><\/div><div class=\"fusion-panel panel-default panel-eb0525a22f63415e3 fusion-toggle-has-divider\" style=\"--awb-title-color:#333333;--awb-content-color:#424242;\"><div class=\"panel-heading\"><h2 class=\"panel-title toggle\" id=\"toggle_eb0525a22f63415e3\"><a aria-expanded=\"false\" aria-controls=\"eb0525a22f63415e3\" role=\"button\" data-toggle=\"collapse\" data-parent=\"#accordion-9894-1\" data-target=\"#eb0525a22f63415e3\" href=\"#eb0525a22f63415e3\"><span class=\"fusion-toggle-icon-wrapper\" aria-hidden=\"true\"><i class=\"fa-fusion-box active-icon awb-icon-minus\" aria-hidden=\"true\"><\/i><i class=\"fa-fusion-box inactive-icon awb-icon-plus\" aria-hidden=\"true\"><\/i><\/span><span class=\"fusion-toggle-heading\">Muntanya<\/span><\/a><\/h2><\/div><div id=\"eb0525a22f63415e3\" class=\"panel-collapse collapse \" aria-labelledby=\"toggle_eb0525a22f63415e3\"><div class=\"panel-body toggle-content fusion-clearfix\">\n<p>La secci\u00f3 de Muntanya del CET s&#8217;encarrega de programar les activitats d&#8217;alta muntanya. Des dels inicis del centre, aquesta secci\u00f3 ha estat activa, organitzant sortides per a tots els nivells i fomentant l&#8217;esperit aventurer dels seus socis.<\/p>\n<p>A m\u00e9s, aquesta secci\u00f3 tamb\u00e9 s&#8217;encarrega de mantenir viva la tradici\u00f3 de pujar el pessebre a diversos cims abans de les festes de Nadal, com el Matagalls, Les Agudes o alguns cims del Pirineu.<\/p>\n<p>Les activitats de muntanya del CET estan obertes a tots els socis federats i es programen al llarg de l&#8217;any, tenint en compte les condicions meteorol\u00f2giques i la seguretat dels participants.<\/p>\n<\/div><\/div><\/div><div class=\"fusion-panel panel-default panel-a4ceb2084914fffc6 fusion-toggle-has-divider\" style=\"--awb-title-color:#333333;--awb-content-color:#424242;\"><div class=\"panel-heading\"><h2 class=\"panel-title toggle\" id=\"toggle_a4ceb2084914fffc6\"><a aria-expanded=\"false\" aria-controls=\"a4ceb2084914fffc6\" role=\"button\" data-toggle=\"collapse\" data-parent=\"#accordion-9894-1\" data-target=\"#a4ceb2084914fffc6\" href=\"#a4ceb2084914fffc6\"><span class=\"fusion-toggle-icon-wrapper\" aria-hidden=\"true\"><i class=\"fa-fusion-box active-icon awb-icon-minus\" aria-hidden=\"true\"><\/i><i class=\"fa-fusion-box inactive-icon awb-icon-plus\" aria-hidden=\"true\"><\/i><\/span><span class=\"fusion-toggle-heading\">Orientaci\u00f3 <\/span><\/a><\/h2><\/div><div id=\"a4ceb2084914fffc6\" class=\"panel-collapse collapse \" aria-labelledby=\"toggle_a4ceb2084914fffc6\"><div class=\"panel-body toggle-content fusion-clearfix\">\n<p>La secci\u00f3 d&#8217;Orientaci\u00f3 del CET s&#8217;encarrega de les activitats d\u2019orientaci\u00f3, una disciplina que combina activitat f\u00edsica i estrat\u00e8gia mental. La finalitat d\u2019aquesta secci\u00f3 \u00e9s promoure, divulgar i donar a con\u00e8ixer un esport que cada cop guanya m\u00e9s seguidors i que es pot practicar a totes les edats, a partir de la inf\u00e0ncia.<\/p>\n<p>Amb la creaci\u00f3 d\u2019aquesta secci\u00f3 i l\u2019adhesi\u00f3 a la <a href=\"https:\/\/orientacio.cat\/ca?showall=&amp;start=5\" target=\"_blank\" rel=\"noopener\">Federaci\u00f3 de Curses d\u2019Orientaci\u00f3 de Catalunya (FCOC)<\/a>, els socis interessats en practicar aquesta disciplina poden tramitar el Carnet Catalunya Orientaci\u00f3 a trav\u00e9s del CET. Aquest carnet inclou una asseguran\u00e7a d&#8217;accidents i permet participar en competicions oficials.<\/p>\n<\/div><\/div><\/div><div class=\"fusion-panel panel-default panel-a8552235a459e5ec0 fusion-toggle-has-divider\" style=\"--awb-title-color:#333333;--awb-content-color:#424242;\"><div class=\"panel-heading\"><h2 class=\"panel-title toggle\" id=\"toggle_a8552235a459e5ec0\"><a aria-expanded=\"false\" aria-controls=\"a8552235a459e5ec0\" role=\"button\" data-toggle=\"collapse\" data-parent=\"#accordion-9894-1\" data-target=\"#a8552235a459e5ec0\" href=\"#a8552235a459e5ec0\"><span class=\"fusion-toggle-icon-wrapper\" aria-hidden=\"true\"><i class=\"fa-fusion-box active-icon awb-icon-minus\" aria-hidden=\"true\"><\/i><i class=\"fa-fusion-box inactive-icon awb-icon-plus\" aria-hidden=\"true\"><\/i><\/span><span class=\"fusion-toggle-heading\">Marxa n\u00f2rdica <\/span><\/a><\/h2><\/div><div id=\"a8552235a459e5ec0\" class=\"panel-collapse collapse \" aria-labelledby=\"toggle_a8552235a459e5ec0\"><div class=\"panel-body toggle-content fusion-clearfix\">\n<p>La marxa n\u00f2rdica \u00e9s una activitat apta per a tothom que combina la caminada natural amb l\u2019\u00fas de bastons espec\u00edfics. \u00c9s una modalitat esportiva suau i saludable que ha guanyat popularitat pels seus beneficis f\u00edsics i la seva accessibilitat per a totes les edats.<\/p>\n<\/div><\/div><\/div><div class=\"fusion-panel panel-default panel-46aba3d3c0b61219c fusion-toggle-has-divider\" style=\"--awb-title-color:#333333;--awb-content-color:#424242;\"><div class=\"panel-heading\"><h2 class=\"panel-title toggle\" id=\"toggle_46aba3d3c0b61219c\"><a aria-expanded=\"false\" aria-controls=\"46aba3d3c0b61219c\" role=\"button\" data-toggle=\"collapse\" data-parent=\"#accordion-9894-1\" data-target=\"#46aba3d3c0b61219c\" href=\"#46aba3d3c0b61219c\"><span class=\"fusion-toggle-icon-wrapper\" aria-hidden=\"true\"><i class=\"fa-fusion-box active-icon awb-icon-minus\" aria-hidden=\"true\"><\/i><i class=\"fa-fusion-box inactive-icon awb-icon-plus\" aria-hidden=\"true\"><\/i><\/span><span class=\"fusion-toggle-heading\">PR Taradell <\/span><\/a><\/h2><\/div><div id=\"46aba3d3c0b61219c\" class=\"panel-collapse collapse \" aria-labelledby=\"toggle_46aba3d3c0b61219c\"><div class=\"panel-body toggle-content fusion-clearfix\">\n<p>El PR Taradell \u00e9s un sender de Petit Recorregut (PR) que permet con\u00e8ixer l&#8217;entorn natural del municipi a trav\u00e9s d&#8217;itineraris senyalitzats. Aquest espai est\u00e0 pensat per als amants del senderisme que volen gaudir d\u2019una caminada suau per\u00f2 plena de paisatges i punts d\u2019inter\u00e8s local.<\/p>\n<h4 class=\"fusion-responsive-typography-calculated\" style=\"--fontsize: 19; line-height: 1.1; --minfontsize: 19;\" data-fontsize=\"19\" data-lineheight=\"20.9px\"><b>Recursos i informaci\u00f3: <\/b><\/h4>\n<ul>\n<li aria-level=\"1\"><b>Mapa del Sender de Taradell (PR)<\/b>: Consulta el <a href=\"https:\/\/cetaradell.cat\/ce\/wp-content\/uploads\/mapa_prc42_sendertaradell_web.pdf\" target=\"_blank\" rel=\"noopener\">tra\u00e7at detallat<\/a> del recorregut.<\/li>\n<li aria-level=\"1\"><b>Wikiloc: Sender de Taradell &#8211; Rutes del Palau Robert:<\/b> <a href=\"https:\/\/ca.wikiloc.com\/rutes-senderisme\/sender-de-taradell-7357661#lb-embed\" target=\"_blank\" rel=\"noopener\">Veure ruta<\/a><\/li>\n<\/ul>\n<p>El PR-C 42 \u00e9s un sender circular que travessa els paratges m\u00e9s emblem\u00e0tics de Taradell. Adaptat a tot tipus de caminandors, ofereix un recorregut moderat que es pot realitzar en diverses etapes, amb desviaments que permeten adaptar la ruta segons el nivell f\u00edsic i el temps disponible.<\/p>\n<\/div><\/div><\/div><\/div><\/div><\/div><\/div><\/div><\/div><div class=\"fusion-fullwidth fullwidth-box fusion-builder-row-2 fusion-flex-container has-pattern-background has-mask-background nonhundred-percent-fullwidth non-hundred-percent-height-scrolling\" style=\"--awb-border-radius-top-left:0px;--awb-border-radius-top-right:0px;--awb-border-radius-bottom-right:0px;--awb-border-radius-bottom-left:0px;--awb-padding-bottom:0px;--awb-flex-wrap:wrap;\" ><div class=\"fusion-builder-row fusion-row fusion-flex-align-items-flex-start fusion-flex-justify-content-center fusion-flex-content-wrap\" style=\"max-width:1248px;margin-left: calc(-4% \/ 2 );margin-right: calc(-4% \/ 2 );\"><div class=\"fusion-layout-column fusion_builder_column fusion-builder-column-1 fusion_builder_column_1_2 1_2 fusion-flex-column\" style=\"--awb-padding-top:70px;--awb-bg-size:cover;--awb-width-large:50%;--awb-margin-top-large:0px;--awb-spacing-right-large:3.84%;--awb-margin-bottom-large:0px;--awb-spacing-left-large:3.84%;--awb-width-medium:100%;--awb-order-medium:0;--awb-spacing-right-medium:1.92%;--awb-spacing-left-medium:1.92%;--awb-width-small:100%;--awb-order-small:0;--awb-spacing-right-small:1.92%;--awb-spacing-left-small:1.92%;\"><div class=\"fusion-column-wrapper fusion-column-has-shadow fusion-flex-justify-content-flex-start fusion-content-layout-column\"><div class=\"fusion-text fusion-text-1\" style=\"--awb-content-alignment:center;--awb-font-size:34px;--awb-line-height:1.2;--awb-text-transform:uppercase;--awb-text-font-family:&quot;Arvo&quot;;--awb-text-font-style:normal;--awb-text-font-weight:700;\"><p>La muntanya \u00e9s l\u2019altar m\u00e9s alt on l\u2019home pot aixecar el cor cap al cel.<\/p>\n<\/div><div class=\"fusion-text fusion-text-2\" style=\"--awb-content-alignment:center;--awb-text-transform:uppercase;\"><p><strong>Jacint Verdaguer<\/strong><\/p>\n<\/div><\/div><\/div><\/div><\/div><div class=\"fusion-fullwidth fullwidth-box fusion-builder-row-3 fusion-flex-container has-pattern-background has-mask-background hundred-percent-fullwidth non-hundred-percent-height-scrolling\" style=\"--awb-border-radius-top-left:0px;--awb-border-radius-top-right:0px;--awb-border-radius-bottom-right:0px;--awb-border-radius-bottom-left:0px;--awb-padding-right:0px;--awb-padding-left:0px;--awb-margin-bottom:-35px;--awb-flex-wrap:wrap;\" ><div class=\"fusion-builder-row fusion-row fusion-flex-align-items-flex-start fusion-flex-content-wrap\" style=\"width:104% !important;max-width:104% !important;margin-left: calc(-4% \/ 2 );margin-right: calc(-4% \/ 2 );\"><div class=\"fusion-layout-column fusion_builder_column fusion-builder-column-2 fusion_builder_column_1_1 1_1 fusion-flex-column\" style=\"--awb-bg-size:cover;--awb-width-large:100%;--awb-margin-top-large:0px;--awb-spacing-right-large:1.92%;--awb-margin-bottom-large:0px;--awb-spacing-left-large:1.92%;--awb-width-medium:100%;--awb-order-medium:0;--awb-spacing-right-medium:1.92%;--awb-spacing-left-medium:1.92%;--awb-width-small:100%;--awb-order-small:0;--awb-spacing-right-small:1.92%;--awb-spacing-left-small:1.92%;\"><div class=\"fusion-column-wrapper fusion-column-has-shadow fusion-flex-justify-content-flex-start fusion-content-layout-column\"><div class=\"fusion-image-element \" style=\"text-align:center;--awb-caption-title-font-family:var(--h2_typography-font-family);--awb-caption-title-font-weight:var(--h2_typography-font-weight);--awb-caption-title-font-style:var(--h2_typography-font-style);--awb-caption-title-size:var(--h2_typography-font-size);--awb-caption-title-transform:var(--h2_typography-text-transform);--awb-caption-title-line-height:var(--h2_typography-line-height);--awb-caption-title-letter-spacing:var(--h2_typography-letter-spacing);\"><span class=\" fusion-imageframe imageframe-none imageframe-1 hover-type-none\"><img decoding=\"async\" width=\"2560\" height=\"631\" src=\"https:\/\/cetaradell.cat\/ce\/wp-content\/uploads\/Objeto-inteligente-vectorial-scaled.png\" alt class=\"img-responsive wp-image-9897\" srcset=\"https:\/\/cetaradell.cat\/ce\/wp-content\/uploads\/Objeto-inteligente-vectorial-200x49.png 200w, https:\/\/cetaradell.cat\/ce\/wp-content\/uploads\/Objeto-inteligente-vectorial-400x99.png 400w, https:\/\/cetaradell.cat\/ce\/wp-content\/uploads\/Objeto-inteligente-vectorial-600x148.png 600w, https:\/\/cetaradell.cat\/ce\/wp-content\/uploads\/Objeto-inteligente-vectorial-800x197.png 800w, https:\/\/cetaradell.cat\/ce\/wp-content\/uploads\/Objeto-inteligente-vectorial-1200x296.png 1200w, https:\/\/cetaradell.cat\/ce\/wp-content\/uploads\/Objeto-inteligente-vectorial-scaled.png 2560w\" sizes=\"(max-width: 1024px) 100vw, (max-width: 640px) 100vw, 1200px\" \/><\/span><\/div><\/div><\/div><\/div><\/div><\/p>\n","protected":false},"excerpt":{"rendered":"","protected":false},"author":6,"featured_media":0,"parent":0,"menu_order":0,"comment_status":"closed","ping_status":"closed","template":"100-width.php","meta":{"footnotes":""},"class_list":["post-9894","page","type-page","status-publish","hentry"],"yoast_head":"<!-- This site is optimized with the Yoast SEO plugin v27.4 - https:\/\/yoast.com\/product\/yoast-seo-wordpress\/ -->\n<title>Seccions - Centre Excursionista Taradell<\/title>\n<meta name=\"robots\" content=\"index, follow, max-snippet:-1, max-image-preview:large, max-video-preview:-1\" \/>\n<link rel=\"canonical\" href=\"https:\/\/cetaradell.cat\/ce\/seccions\/\" \/>\n<meta property=\"og:locale\" content=\"ca_ES\" \/>\n<meta property=\"og:type\" content=\"article\" \/>\n<meta property=\"og:title\" content=\"Seccions - Centre Excursionista Taradell\" \/>\n<meta property=\"og:url\" content=\"https:\/\/cetaradell.cat\/ce\/seccions\/\" \/>\n<meta property=\"og:site_name\" content=\"Centre Excursionista Taradell\" \/>\n<meta property=\"article:publisher\" content=\"https:\/\/www.facebook.com\/CETaradell\/\" \/>\n<meta property=\"article:modified_time\" content=\"2025-11-06T15:19:08+00:00\" \/>\n<meta name=\"twitter:card\" content=\"summary_large_image\" \/>\n<meta name=\"twitter:label1\" content=\"Temps estimat de lectura\" \/>\n\t<meta name=\"twitter:data1\" content=\"6 minuts\" \/>\n<script type=\"application\/ld+json\" class=\"yoast-schema-graph\">{\"@context\":\"https:\\\/\\\/schema.org\",\"@graph\":[{\"@type\":\"WebPage\",\"@id\":\"https:\\\/\\\/cetaradell.cat\\\/ce\\\/seccions\\\/\",\"url\":\"https:\\\/\\\/cetaradell.cat\\\/ce\\\/seccions\\\/\",\"name\":\"Seccions - Centre Excursionista Taradell\",\"isPartOf\":{\"@id\":\"https:\\\/\\\/cetaradell.cat\\\/ce\\\/#website\"},\"datePublished\":\"2025-09-29T10:34:43+00:00\",\"dateModified\":\"2025-11-06T15:19:08+00:00\",\"breadcrumb\":{\"@id\":\"https:\\\/\\\/cetaradell.cat\\\/ce\\\/seccions\\\/#breadcrumb\"},\"inLanguage\":\"ca\",\"potentialAction\":[{\"@type\":\"ReadAction\",\"target\":[\"https:\\\/\\\/cetaradell.cat\\\/ce\\\/seccions\\\/\"]}]},{\"@type\":\"BreadcrumbList\",\"@id\":\"https:\\\/\\\/cetaradell.cat\\\/ce\\\/seccions\\\/#breadcrumb\",\"itemListElement\":[{\"@type\":\"ListItem\",\"position\":1,\"name\":\"Inici\",\"item\":\"https:\\\/\\\/cetaradell.cat\\\/ce\\\/\"},{\"@type\":\"ListItem\",\"position\":2,\"name\":\"Seccions\"}]},{\"@type\":\"WebSite\",\"@id\":\"https:\\\/\\\/cetaradell.cat\\\/ce\\\/#website\",\"url\":\"https:\\\/\\\/cetaradell.cat\\\/ce\\\/\",\"name\":\"Centre Excursionista Taradell\",\"description\":\"\",\"potentialAction\":[{\"@type\":\"SearchAction\",\"target\":{\"@type\":\"EntryPoint\",\"urlTemplate\":\"https:\\\/\\\/cetaradell.cat\\\/ce\\\/?s={search_term_string}\"},\"query-input\":{\"@type\":\"PropertyValueSpecification\",\"valueRequired\":true,\"valueName\":\"search_term_string\"}}],\"inLanguage\":\"ca\"}]}<\/script>\n<!-- \/ Yoast SEO plugin. -->","yoast_head_json":{"title":"Seccions - Centre Excursionista Taradell","robots":{"index":"index","follow":"follow","max-snippet":"max-snippet:-1","max-image-preview":"max-image-preview:large","max-video-preview":"max-video-preview:-1"},"canonical":"https:\/\/cetaradell.cat\/ce\/seccions\/","og_locale":"ca_ES","og_type":"article","og_title":"Seccions - Centre Excursionista Taradell","og_url":"https:\/\/cetaradell.cat\/ce\/seccions\/","og_site_name":"Centre Excursionista Taradell","article_publisher":"https:\/\/www.facebook.com\/CETaradell\/","article_modified_time":"2025-11-06T15:19:08+00:00","twitter_card":"summary_large_image","twitter_misc":{"Temps estimat de lectura":"6 minuts"},"schema":{"@context":"https:\/\/schema.org","@graph":[{"@type":"WebPage","@id":"https:\/\/cetaradell.cat\/ce\/seccions\/","url":"https:\/\/cetaradell.cat\/ce\/seccions\/","name":"Seccions - Centre Excursionista Taradell","isPartOf":{"@id":"https:\/\/cetaradell.cat\/ce\/#website"},"datePublished":"2025-09-29T10:34:43+00:00","dateModified":"2025-11-06T15:19:08+00:00","breadcrumb":{"@id":"https:\/\/cetaradell.cat\/ce\/seccions\/#breadcrumb"},"inLanguage":"ca","potentialAction":[{"@type":"ReadAction","target":["https:\/\/cetaradell.cat\/ce\/seccions\/"]}]},{"@type":"BreadcrumbList","@id":"https:\/\/cetaradell.cat\/ce\/seccions\/#breadcrumb","itemListElement":[{"@type":"ListItem","position":1,"name":"Inici","item":"https:\/\/cetaradell.cat\/ce\/"},{"@type":"ListItem","position":2,"name":"Seccions"}]},{"@type":"WebSite","@id":"https:\/\/cetaradell.cat\/ce\/#website","url":"https:\/\/cetaradell.cat\/ce\/","name":"Centre Excursionista Taradell","description":"","potentialAction":[{"@type":"SearchAction","target":{"@type":"EntryPoint","urlTemplate":"https:\/\/cetaradell.cat\/ce\/?s={search_term_string}"},"query-input":{"@type":"PropertyValueSpecification","valueRequired":true,"valueName":"search_term_string"}}],"inLanguage":"ca"}]}},"_links":{"self":[{"href":"https:\/\/cetaradell.cat\/ce\/wp-json\/wp\/v2\/pages\/9894","targetHints":{"allow":["GET"]}}],"collection":[{"href":"https:\/\/cetaradell.cat\/ce\/wp-json\/wp\/v2\/pages"}],"about":[{"href":"https:\/\/cetaradell.cat\/ce\/wp-json\/wp\/v2\/types\/page"}],"author":[{"embeddable":true,"href":"https:\/\/cetaradell.cat\/ce\/wp-json\/wp\/v2\/users\/6"}],"replies":[{"embeddable":true,"href":"https:\/\/cetaradell.cat\/ce\/wp-json\/wp\/v2\/comments?post=9894"}],"version-history":[{"count":0,"href":"https:\/\/cetaradell.cat\/ce\/wp-json\/wp\/v2\/pages\/9894\/revisions"}],"wp:attachment":[{"href":"https:\/\/cetaradell.cat\/ce\/wp-json\/wp\/v2\/media?parent=9894"}],"curies":[{"name":"wp","href":"https:\/\/api.w.org\/{rel}","templated":true}]}}